{"id":21409,"date":"2017-05-16T16:29:23","date_gmt":"2017-05-16T16:29:23","guid":{"rendered":"https:\/\/www.colabourativelab.com\/?page_id=21409"},"modified":"2018-10-29T17:59:36","modified_gmt":"2018-10-29T17:59:36","slug":"home-es","status":"publish","type":"page","link":"https:\/\/www.colabourativelab.com\/es\/","title":{"rendered":"Home Es"},"content":{"rendered":"<div class=\"wpb-content-wrapper\"><p>[vc_row row_type=\u00bbrow\u00bb use_row_as_full_screen_section=\u00bbno\u00bb type=\u00bbgrid\u00bb anchor=\u00bbabout\u00bb text_align=\u00bbleft\u00bb padding_top=\u00bb80&#8243; padding_bottom=\u00bb80&#8243; css_animation=\u00bb\u00bb el_id=\u00bbproject\u00bb][vc_column][vc_column_text]<\/p>\n<h6><span style=\"color: #8b8b8b;\">PROJECT<\/span><\/h6>\n<p>[\/vc_column_text][vc_separator type=\u00bbtransparent\u00bb border_style=\u00bb\u00bb up=\u00bb20&#8243; down=\u00bb0&#8243;][vc_column_text]<\/p>\n<h2><strong><em>\u201cco-LABOURative LAB\u201d mejorar\u00e1 la empleabilidad de las personas desempleadas mediante la Economia Colaborativa y las Nuevas Formas de Empleo<\/em><\/strong><\/h2>\n<p>[\/vc_column_text][vc_separator type=\u00bbtransparent\u00bb border_style=\u00bb\u00bb up=\u00bb40&#8243; down=\u00bb0&#8243;][vc_column_text]La Economia Colaborativa y las Nuevas Formas de Empleo pueden facilitar la creaci\u00f3n de empleo a trav\u00e9s del Autoempleo y el Emprendedurismo.<\/p>\n<p>\u201c<em>Co-LABOURative-LAB<\/em><em>; Enhancing Employability of Unemployed Persons through New Forms of Employment and Sharing Economy<\/em>\u201d pretende mejorar las competencias de los Desempleados de Larga Duraci\u00f3n, J\u00f3venes en B\u00fasqueda de Empleo y t\u00e9cnicos y directivos de Recursos Humanos, en relaci\u00f3n con la explotaci\u00f3n de la Economia Colaborativa y las Nuevas Formas de Empleo para incrementar las oportunidades de Autoempleo y Emprendedurismo, a trav\u00e9s de la transferencia de conocimiento, herramientas y pr\u00e1cticas.<\/p>\n<p>\u201c<strong><em>co-LABOURative LAB<\/em>\u201d es un Proyecto Europeo financiado por el programa ERASMUS+ ejecutado entre el\u00a0 <\/strong>01\/09\/2016 y el 31\/08\/2018.<\/p>\n<p>A trav\u00e9s de la ejecuci\u00f3n de este proyecto, se alcanzar\u00e1n los siguientes resultados:[\/vc_column_text][vc_separator type=\u00bbtransparent\u00bb border_style=\u00bb\u00bb up=\u00bb40&#8243; down=\u00bb0&#8243;][vc_row_inner row_type=\u00bbrow\u00bb type=\u00bbfull_width\u00bb use_row_as_full_screen_section_slide=\u00bbno\u00bb text_align=\u00bbleft\u00bb css_animation=\u00bb\u00bb][vc_column_inner width=\u00bb1\/2&#8243;][vc_column_text]<\/p>\n<h3><strong>Materiales Formativos y Actividades Formativas Pr\u00e1cticas<\/strong><\/h3>\n<p>&#8230; dirigidas a Desempleados de Larga Duraci\u00f3n, J\u00f3venes en B\u00fasqueda de Empleo y t\u00e9cnicos y directivos de Recursos Humanos para facilitar la explotaci\u00f3n de la Economia Colaborativa para facilitar la explotaci\u00f3n de los conceptos y tecnolog\u00eda asociados a la Economia Colaborativa y las Nuevas Formas de Empleo para impulsar el emprendedurismo y el autoempleo.[\/vc_column_text][\/vc_column_inner][vc_column_inner width=\u00bb1\/2&#8243;][vc_column_text]<\/p>\n<h3><strong>Desarrollo de una e-Training Platform&#8230;<\/strong><\/h3>\n<p>que incluir\u00e1 contenidos para la sensibilizaci\u00f3n y la formaci\u00f3n formativos asi como soluciones TIC para apoyar la implementaci\u00f3n de loas <strong>Materiales Formativos y las Actividades Formativas<\/strong>[\/vc_column_text][\/vc_column_inner][\/vc_row_inner][vc_separator type=\u00bbtransparent\u00bb border_style=\u00bb\u00bb up=\u00bb40&#8243; down=\u00bb0&#8243;][vc_column_text]La Metodologia Formativa ser\u00e1 validada con la participaci\u00f3n directa de 40 personas desempleadas en Espa\u00f1a, Bulgaria, Eslovenia y Grecia.[\/vc_column_text][\/vc_column][\/vc_row][vc_row row_type=\u00bbrow\u00bb use_row_as_full_screen_section=\u00bbno\u00bb type=\u00bbfull_width\u00bb text_align=\u00bbleft\u00bb css_animation=\u00bb\u00bb el_id=\u00bbpartners\u00bb][vc_column][vc_text_separator title=\u00bbPARTNERS\u00bb title_color=\u00bb#d68f0c\u00bb][vc_separator type=\u00bbtransparent\u00bb border_style=\u00bb\u00bb up=\u00bb40&#8243; down=\u00bb0&#8243;][\/vc_column][\/vc_row][vc_row row_type=\u00bbrow\u00bb use_row_as_full_screen_section=\u00bbno\u00bb type=\u00bbgrid\u00bb text_align=\u00bbleft\u00bb css_animation=\u00bb\u00bb][vc_column][vc_column_text]El proyecto <strong>\u201cco-LABOURative LAB\u201d<\/strong> es desarrollado por un Consorcio multinacional dirigido al mencionado grupo objetivo, formado por 4 C\u00e1maras de Comercio que trabajan en el \u00e1mbito de la promoci\u00f3n del empleo, en las que se dirigen a un gran colectivo de desempleados; 1 instituto de investigaci\u00f3n independiente especializado en investigaci\u00f3n en ciencias sociales sobre el trabajo y el empleo; y 1 consultora especializada en estrategia y sistemas de gesti\u00f3n, innovaci\u00f3n empresarial, responsabilidad social corporativa, recursos humanos y formaci\u00f3n.[\/vc_column_text][vc_separator type=\u00bbtransparent\u00bb border_style=\u00bb\u00bb up=\u00bb40&#8243; down=\u00bb0&#8243;][\/vc_column][\/vc_row][vc_row row_type=\u00bbrow\u00bb use_row_as_full_screen_section=\u00bbno\u00bb type=\u00bbgrid\u00bb text_align=\u00bbleft\u00bb css_animation=\u00bb\u00bb][vc_column width=\u00bb1\/4&#8243;][vc_single_image image=\u00bb21387&#8243; img_size=\u00bbfull\u00bb qode_css_animation=\u00bb\u00bb][\/vc_column][vc_column width=\u00bb3\/4&#8243;][vc_column_text]<\/p>\n<h3><strong>CAMARA OFICIAL DE COMERCIO INDUSTRIA, SERVICIOS Y NAVEGACION DE VALENCIA (SPAIN)<\/strong><\/h3>\n<p>La C\u00e1mara Oficial de Comercio, Industria, Servicios y Navegaci\u00f3n de Valencia es una organizaci\u00f3n sin \u00e1nimo de lucro, creada por ley en 1886. Con 83 trabajadores en la actualidad, representa m\u00e1s de 200.000,00 empresas en la provincia de Valencia.<\/p>\n<p>La C\u00e1mara de Comercio de Valencia tiene una amplia experiencia en el respaldo de las PYME. Las principales \u00e1reas de trabajo de la C\u00e1mara son la informaci\u00f3n, la formaci\u00f3n y el asesoramiento a empresas y empresarios, la innovaci\u00f3n, el comercio internacional, el mercado interior, el turismo, el medio ambiente, los transportes, las leyes, etc.<\/p>\n<p>El \u00e1rea espec\u00edfica de formaci\u00f3n de la C\u00e1mara es desarrollada por la Escuela de Negocios de la C\u00e1mara de Valencia, que ofrece formaci\u00f3n de calidad, adaptada a las necesidades del entorno empresarial, a trav\u00e9s de recursos humanos y materiales innovadores y en estrecha colaboraci\u00f3n con la comunidad empresarial. Est\u00e1 especializada en la formaci\u00f3n de empresarios, ejecutivos, mandos intermedios y personal al servicio de las empresas, ofreciendo una variedad de cursos y seminarios para hacer m\u00e1s eficiente la gesti\u00f3n mediante la mejora de la calidad de los recursos humanos incorporados en la misma.<\/p>\n<p><a href=\"http:\/\/www.camaravalencia.com\"><strong><em>www.camaravalencia.com<\/em><\/strong><\/a>[\/vc_column_text][vc_separator type=\u00bbtransparent\u00bb border_style=\u00bb\u00bb up=\u00bb40&#8243; down=\u00bb0&#8243;][\/vc_column][\/vc_row][vc_row row_type=\u00bbrow\u00bb use_row_as_full_screen_section=\u00bbno\u00bb type=\u00bbgrid\u00bb text_align=\u00bbleft\u00bb css_animation=\u00bb\u00bb][vc_column width=\u00bb1\/4&#8243;][vc_single_image image=\u00bb21385&#8243; img_size=\u00bb150X70&#8243; alignment=\u00bbcenter\u00bb qode_css_animation=\u00bb\u00bb][\/vc_column][vc_column width=\u00bb3\/4&#8243;][vc_column_text]<\/p>\n<h3><strong>FORSCHUNGS UND BERATUNGSSTELLE ARBEITSWELT, FORBA (Austria)<\/strong><\/h3>\n<p>The Forschungs-und Beratungsstelle Arbeitswelt (FORBA) es un instituto independiente de investigaci\u00f3n especializado en investigaci\u00f3n en ciencias sociales sobre el trabajo y el empleo. FORBA se dedica a la transferencia de conocimientos encaminados a traducir los resultados de la investigaci\u00f3n en pr\u00e1cticas sociales como parte integrante de las actividades del instituto. FORBA proporciona asesoramiento sobre pol\u00edticas con el objetivo de contribuir a mejorar las condiciones de trabajo.<\/p>\n<p><a href=\"http:\/\/www.forba.at\"><strong><em>www.forba.at<\/em><\/strong><\/a>[\/vc_column_text][vc_separator type=\u00bbtransparent\u00bb border_style=\u00bb\u00bb up=\u00bb40&#8243; down=\u00bb0&#8243;][\/vc_column][\/vc_row][vc_row row_type=\u00bbrow\u00bb use_row_as_full_screen_section=\u00bbno\u00bb type=\u00bbgrid\u00bb text_align=\u00bbleft\u00bb css_animation=\u00bb\u00bb][vc_column width=\u00bb1\/4&#8243;][vc_single_image image=\u00bb21383&#8243; img_size=\u00bbfull\u00bb qode_css_animation=\u00bb\u00bb][\/vc_column][vc_column width=\u00bb3\/4&#8243;][vc_column_text]<\/p>\n<h3><strong><em>CHAMBER OF ARKADIA (Greece)<\/em><\/strong><\/h3>\n<p>Chamber of Arkadia es una c\u00e1mara de comercio de \u00e1mbito regional con aproximadamente 8.000 empresas afiliadas. En oposici\u00f3n a las grandes ciudades griegas, las C\u00e1maras regionales incluyen a todos los sectores de profesionales y empresas (comercio, servicios, turismo, artesan\u00eda). El objetivo de la C\u00e1mara de Arkadia es la protecci\u00f3n, promoci\u00f3n y desarrollo de la econom\u00eda en general y de las empresas de la regi\u00f3n en particular.<\/p>\n<p><a href=\"http:\/\/www.arcadiacachamber.org\"><strong><em>www.arcadiacachamber.org<\/em><\/strong><\/a>[\/vc_column_text][vc_separator type=\u00bbtransparent\u00bb border_style=\u00bb\u00bb up=\u00bb40&#8243; down=\u00bb0&#8243;][\/vc_column][\/vc_row][vc_row row_type=\u00bbrow\u00bb use_row_as_full_screen_section=\u00bbno\u00bb type=\u00bbgrid\u00bb text_align=\u00bbleft\u00bb css_animation=\u00bb\u00bb][vc_column width=\u00bb1\/4&#8243;][vc_single_image image=\u00bb21386&#8243; img_size=\u00bbfull\u00bb qode_css_animation=\u00bb\u00bb][\/vc_column][vc_column width=\u00bb3\/4&#8243;][vc_column_text]<\/p>\n<h3><strong><em>GOSPODARSKA ZBORNICA SLOVENIJE CENTER ZA POSLOVNO USPOSABLJANJE. <\/em><\/strong><strong><em>CPU (Slovenia)<\/em><\/strong><\/h3>\n<p>La misi\u00f3n de la CPU es suministrar a las empresas un conocimiento de alta calidad, moderno y aplicable, enriquecido con experiencias nacionales e internacionales y buenos ejemplos de pr\u00e1cticas empresariales. Es uno de los proveedores de educaci\u00f3n y formaci\u00f3n para adultos con m\u00e1s larga tradici\u00f3n y experiencia en el desarrollo, organizaci\u00f3n y ejecuci\u00f3n de seminarios profesionales y t\u00e9cnicos, cursos de formaci\u00f3n, talleres, cursos de corto y largo plazo y otros eventos para las necesidades de las empresas.<\/p>\n<p>La orientaci\u00f3n hacia las demandas reales de educaci\u00f3n, formaci\u00f3n y competencias en el mercado de trabajo convierte a CPU en uno de los mayores proveedores de educaci\u00f3n y formaci\u00f3n para adultos en Eslovenia. El Instituto cuenta con 25 a\u00f1os de experiencia como instituci\u00f3n profesional para la realizaci\u00f3n de la educaci\u00f3n p\u00fablica y otras formas de educaci\u00f3n y formaci\u00f3n.<\/p>\n<p><em><strong><a href=\"http:\/\/www.cpu.si\">www.cpu.si<\/a><\/strong><\/em>[\/vc_column_text][vc_separator type=\u00bbtransparent\u00bb border_style=\u00bb\u00bb up=\u00bb40&#8243; down=\u00bb0&#8243;][\/vc_column][\/vc_row][vc_row row_type=\u00bbrow\u00bb use_row_as_full_screen_section=\u00bbno\u00bb type=\u00bbgrid\u00bb text_align=\u00bbleft\u00bb css_animation=\u00bb\u00bb][vc_column width=\u00bb1\/4&#8243;][vc_single_image image=\u00bb21388&#8243; img_size=\u00bbfull\u00bb qode_css_animation=\u00bb\u00bb][\/vc_column][vc_column width=\u00bb3\/4&#8243;][vc_column_text]<\/p>\n<h3><strong>RUSE CHAMBER OF COMMERCE AND INDUSTRY ASSOCIATION, RCCI (Bulgaria)<\/strong><\/h3>\n<p>Ruse Chamber of Commerce and Industry (RCCI) es una entidad dedicada al beneficio p\u00fablico que ofrece una amplia gama de servicios de calidad a m\u00e1s de 1000 empresas miembros y no miembros para ayudar a desarrollar y ampliar sus negocios, tanto a nivel local como \u00a0internacional. Contribuye proactivamente al desarrollo econ\u00f3mico de la regi\u00f3n de Ruse, brindando apoyo y representaci\u00f3n de los empresarios y empresas a nivel regional y nacional.<\/p>\n<p><em><strong><a href=\"http:\/\/www.rcci.org\">www.rcci.org<\/a><\/strong><\/em>[\/vc_column_text][vc_separator type=\u00bbtransparent\u00bb border_style=\u00bb\u00bb up=\u00bb40&#8243; down=\u00bb0&#8243;][\/vc_column][\/vc_row][vc_row row_type=\u00bbrow\u00bb use_row_as_full_screen_section=\u00bbno\u00bb type=\u00bbgrid\u00bb text_align=\u00bbleft\u00bb css_animation=\u00bb\u00bb][vc_column width=\u00bb1\/4&#8243;][vc_single_image image=\u00bb21381&#8243; img_size=\u00bbfull\u00bb qode_css_animation=\u00bb\u00bb][\/vc_column][vc_column width=\u00bb3\/4&#8243;][vc_column_text]<\/p>\n<h3><strong>COORDINA ORGANIZACI\u00d3N DE EMPRESAS Y RECURSOS HUMANOS, S.L. (Spain)<\/strong><\/h3>\n<p>COORDINA es una empresa de consultor\u00eda estrat\u00e9gica que opera en las siguientes \u00e1reas de negocio: Estrategia y Sistemas de Gesti\u00f3n, Innovaci\u00f3n Empresarial, Responsabilidad Social Corporativa Recursos Humanos y Formaci\u00f3n.<\/p>\n<p><em><strong><a href=\"http:\/\/www.coordina-oerh.com\">www.coordina-oerh.com<\/a><\/strong><\/em>[\/vc_column_text][vc_separator type=\u00bbtransparent\u00bb border_style=\u00bb\u00bb up=\u00bb40&#8243; down=\u00bb0&#8243;][\/vc_column][\/vc_row][vc_row row_type=\u00bbrow\u00bb use_row_as_full_screen_section=\u00bbno\u00bb type=\u00bbfull_width\u00bb text_align=\u00bbleft\u00bb css_animation=\u00bb\u00bb el_id=\u00bbdocuments\u00bb][vc_column][vc_text_separator title=\u00bbDOCUMENTOS\u00bb title_color=\u00bb#d68f0c\u00bb][vc_separator type=\u00bbtransparent\u00bb border_style=\u00bb\u00bb up=\u00bb40&#8243; down=\u00bb0&#8243;][\/vc_column][\/vc_row][vc_row row_type=\u00bbrow\u00bb use_row_as_full_screen_section=\u00bbno\u00bb type=\u00bbgrid\u00bb text_align=\u00bbleft\u00bb css_animation=\u00bb\u00bb][vc_column]<div id=\"mpc_grid_posts_5869f0d035bd266\" class=\"mpc-grid-posts mpc-init mpc-init mpc-transition mpc-overlay--fade mpc-item--fade mpc-layout--style_9  \"  data-grid-cols=\"1\"><div class=\"mpc-grid-sizer\"><\/div><div onclick=\"\" class=\"mpc-post\"><div class=\"mpc-post__wrapper\"><div class=\"mpc-post__content mpc-transition\"><h3 class=\"mpc-post__heading mpc-transition mpc-typography--default mpc-text-overflow\"><a href=\"https:\/\/www.colabourativelab.com\/es\/documents\/mention-to-use-by-the-beneficiaries-with-the-education-cultures-logos-contenido-ejemplo\/\" title=\"European agenda for the collaborative economy &#8211; Supporting analysis\">European agenda for the collaborative economy &#8211; Supporting analysis<\/a><\/h3><div class=\"mpc-post__meta mpc-transition mpc-typography--default\"><span class=\"mpc-post__tax\"><\/span><\/div><div class=\"mpc-post__description mpc-typography--default\">COMMISSION STAFF WORKING DOCUMENT Accompanying the document COMMUNICATION FROM THE COMMISSION TO THE EUROPEAN PARLIAMENT, THE COUNCIL, THE EUROPEAN ECONOMIC AND SOCIAL COMMITTEE AND THE COMMITTEE OF THE REGIONS<\/div><a href=\"https:\/\/www.colabourativelab.com\/es\/documents\/mention-to-use-by-the-beneficiaries-with-the-education-cultures-logos-contenido-ejemplo\/\" target=\"\" title=\"European agenda for the collaborative economy &#8211; Supporting analysis\"  class=\"mpc-button mpc-init mpc-transition \" ><div class=\"mpc-button__content mpc-effect-type--none mpc-effect-side--none\"><span class=\"mpc-button__title mpc-transition\">Read More<\/span><\/div><div class=\"mpc-button__background mpc-transition mpc-effect-type--fade mpc-effect-side--in\"><\/div><\/a><\/div><\/div><\/div><div onclick=\"\" class=\"mpc-post\"><div class=\"mpc-post__wrapper\"><div class=\"mpc-post__content mpc-transition\"><h3 class=\"mpc-post__heading mpc-transition mpc-typography--default mpc-text-overflow\"><a href=\"https:\/\/www.colabourativelab.com\/es\/documents\/a-european-agenda-for-the-collaborative-economy\/\" title=\"A European agenda for the collaborative economy\">A European agenda for the collaborative economy<\/a><\/h3><div class=\"mpc-post__meta mpc-transition mpc-typography--default\"><span class=\"mpc-post__tax\"><\/span><\/div><div class=\"mpc-post__description mpc-typography--default\">COMMUNICATION FROM THE COMMISSION TO THE EUROPEAN PARLIAMENT, THE COUNCIL, THE EUROPEAN ECONOMIC AND SOCIAL COMMITTEE AND THE COMMITTEE OF THE REGIONS<\/div><a href=\"https:\/\/www.colabourativelab.com\/es\/documents\/a-european-agenda-for-the-collaborative-economy\/\" target=\"\" title=\"A European agenda for the collaborative economy\"  class=\"mpc-button mpc-init mpc-transition \" ><div class=\"mpc-button__content mpc-effect-type--none mpc-effect-side--none\"><span class=\"mpc-button__title mpc-transition\">Read More<\/span><\/div><div class=\"mpc-button__background mpc-transition mpc-effect-type--fade mpc-effect-side--in\"><\/div><\/a><\/div><\/div><\/div><div onclick=\"\" class=\"mpc-post\"><div class=\"mpc-post__wrapper\"><div class=\"mpc-post__content mpc-transition\"><h3 class=\"mpc-post__heading mpc-transition mpc-typography--default mpc-text-overflow\"><a href=\"https:\/\/www.colabourativelab.com\/es\/documents\/new-forms-of-employment-eurofound\/\" title=\"New forms of employment &#8211; Eurofound\">New forms of employment &#8211; Eurofound<\/a><\/h3><div class=\"mpc-post__meta mpc-transition mpc-typography--default\"><span class=\"mpc-post__tax\"><\/span><\/div><div class=\"mpc-post__description mpc-typography--default\"><\/div><a href=\"https:\/\/www.colabourativelab.com\/es\/documents\/new-forms-of-employment-eurofound\/\" target=\"\" title=\"New forms of employment &#8211; Eurofound\"  class=\"mpc-button mpc-init mpc-transition \" ><div class=\"mpc-button__content mpc-effect-type--none mpc-effect-side--none\"><span class=\"mpc-button__title mpc-transition\">Read More<\/span><\/div><div class=\"mpc-button__background mpc-transition mpc-effect-type--fade mpc-effect-side--in\"><\/div><\/a><\/div><\/div><\/div><\/div>[vc_separator type=\u00bbtransparent\u00bb border_style=\u00bb\u00bb up=\u00bb40&#8243; down=\u00bb0&#8243;][\/vc_column][\/vc_row][vc_row row_type=\u00bbrow\u00bb use_row_as_full_screen_section=\u00bbno\u00bb type=\u00bbfull_width\u00bb text_align=\u00bbleft\u00bb css_animation=\u00bb\u00bb el_id=\u00bbtraining_materials\u00bb][vc_column][vc_text_separator title=\u00bbTRAINING MATERIALS\u00bb title_color=\u00bb#d68f0c\u00bb][vc_separator type=\u00bbtransparent\u00bb border_style=\u00bb\u00bb up=\u00bb40&#8243; down=\u00bb0&#8243;]\r\n    \r\n    <div class=\"vc_row wpb_row vc_inner section vc_row-fluid mpc-row\" style=\"padding-bottom: 35px; text-align:center;\">\r\n        <div class=\" full_section_inner clearfix\">\r\n            <div class=\"wpb_column vc_column_container vc_col-sm-3 mpc-column\">\r\n            <\/div>\r\n            <div class=\"wpb_column vc_column_container vc_col-sm-3 mpc-column\" data-column-id=\"mpc_column-25bd2e6f713afc\">\r\n                <div class=\"vc_column-inner \">\r\n                    <div class=\"wpb_wrapper\">\r\n                        <div class=\"wpb_text_column wpb_content_element \">\r\n                            <div class=\"wpb_wrapper\">\r\n                                <h3><strong>Handbooks<\/strong><\/h3>                        <p>\r\n                                        <a href=\"https:\/\/www.colabourativelab.com\/co-lab_topic-1_introduccion-economia-colaborativa\/\">\r\n                                            Topic 1: Introduction to SHE &#038; NFE\r\n                                        <\/a>\r\n                                    <\/p>                       <p>\r\n                                        <a href=\"https:\/\/www.colabourativelab.com\/co-lab_topic-2_plataformas-economia-colaborativa-2\/\">\r\n                                            Topic 2: SHE and NFE Digital Platform\r\n                                        <\/a>\r\n                                    <\/p>                       <p>\r\n                                        <a href=\"https:\/\/www.colabourativelab.com\/co-lab_topic-3_autoempleo-y-emprendedurismo-en-el-contexto-de-la-she\/\">\r\n                                            Topic 3: Self-Employment in SHE Context\r\n                                        <\/a>\r\n                                    <\/p>                       <p>\r\n                                        <a href=\"https:\/\/www.colabourativelab.com\/co-lab_topic-4-1_habilidades-de-gestion\/\">\r\n                                            Topic 4.1: Management Skills\r\n                                        <\/a>\r\n                                    <\/p>                       <p>\r\n                                        <a href=\"https:\/\/www.colabourativelab.com\/co-lab_topic-4-2_innovacion-2\/\">\r\n                                            Topic 4.2: Innovation\r\n                                        <\/a>\r\n                                    <\/p>                       <p>\r\n                                        <a href=\"https:\/\/www.colabourativelab.com\/co-lab_topic-4-3_personal-branding-2\/\">\r\n                                            Topic 4.3: Personal Branding\r\n                                        <\/a>\r\n                                    <\/p>                       <p>\r\n                                        <a href=\"https:\/\/www.colabourativelab.com\/co-lab_topic-5_aspectos-legales-2\/\">\r\n                                            Topic 5: Legal Issues\r\n                                        <\/a>\r\n                                    <\/p>                <\/div>\r\n                        <\/div> \r\n                    <\/div>\r\n                <\/div>\r\n             <\/div>\r\n\r\n             <div class=\"wpb_column vc_column_container vc_col-sm-3 mpc-column\">\r\n                <div class=\"vc_column-inner \">\r\n                    <div class=\"wpb_wrapper\">\r\n                        <div class=\"wpb_text_column wpb_content_element \">\r\n                            <div class=\"wpb_wrapper\">\r\n                                <h3><strong>Presentation and templates<\/strong><\/h3>                       <p>\r\n                                        <a href=\"https:\/\/www.colabourativelab.com\/co-lab_presentacion_topic-1_introduccion-economia-colaborativa\/\">\r\n                                            Topic 1: Introduction to SHE &#038; NFE\r\n                                        <\/a>\r\n                                    <\/p>                       <p>\r\n                                        <a href=\"https:\/\/www.colabourativelab.com\/co-lab_presentacion_topic-2_plataformas-economia-colaborativa-2\/\">\r\n                                            Topic 2: SHE and NFE Digital Platform\r\n                                        <\/a>\r\n                                    <\/p>                       <p>\r\n                                        <a href=\"https:\/\/www.colabourativelab.com\/co-lab_presentaciontemplates_topic-3_autoempleo-y-emprendedurismo\/\">\r\n                                            Topic 3: Self-Employment in SHE Context\r\n                                        <\/a>\r\n                                    <\/p>                       <p>\r\n                                        <a href=\"https:\/\/www.colabourativelab.com\/co-lab_presentaciontemplates_topic-4-1_habilidades-de-gestion\/\">\r\n                                            Topic 4.1: Management Skills\r\n                                        <\/a>\r\n                                    <\/p>                       <p>\r\n                                        <a href=\"https:\/\/www.colabourativelab.com\/co-lab_presentacion_topic-4-3_personal_branding\/\">\r\n                                            Topic 4.3: Personal Branding\r\n                                        <\/a>\r\n                                    <\/p>               <\/div>\r\n                        <\/div>\r\n                    <\/div>\r\n                <\/div>\r\n            <\/div>\r\n            <div class=\"wpb_column vc_column_container vc_col-sm-3 mpc-column\">\r\n            <\/div>\r\n        <\/div>\r\n    <\/div>[\/vc_column][\/vc_row][vc_row row_type=\u00bbrow\u00bb use_row_as_full_screen_section=\u00bbno\u00bb type=\u00bbfull_width\u00bb text_align=\u00bbleft\u00bb css_animation=\u00bb\u00bb el_id=\u00bbexperimental_training_activities\u00bb][vc_column][vc_text_separator title=\u00bbEXPERIMENTAL TRAINING ACTIVITIES\u00bb title_color=\u00bb#d68f0c\u00bb][vc_separator type=\u00bbtransparent\u00bb border_style=\u00bb\u00bb up=\u00bb40&#8243; down=\u00bb0&#8243;]\r\n        \r\n    <div class=\"vc_row wpb_row vc_inner section vc_row-fluid mpc-row\" style=\"padding-bottom: 35px; text-align:center;\">\r\n        <div class=\" full_section_inner clearfix\">\r\n            <div class=\"wpb_column vc_column_container vc_col-sm-4 mpc-column\">\r\n            <\/div>\r\n            <div class=\"wpb_column vc_column_container vc_col-sm-4 mpc-column\" data-column-id=\"mpc_column-25bd2e6f713afc\">\r\n                <div class=\"vc_column-inner \">\r\n                    <div class=\"wpb_wrapper\">\r\n                        <div class=\"wpb_text_column wpb_content_element \">\r\n                            <div class=\"wpb_wrapper\">\r\n                                <h3><strong>Experimental training activities<\/strong><\/h3>                        <p>\r\n                                        <a href=\"https:\/\/www.colabourativelab.com\/co-lab_i-o-3-deta-1_shenfe_es\/\">\r\n                                            DETA 1 Introduction to SHE&#038;NFE\r\n                                        <\/a>\r\n                                    <\/p>                       <p>\r\n                                        <a href=\"https:\/\/www.colabourativelab.com\/co-lab_i-o-3-deta-2_she-nfe-platforms_es\/\">\r\n                                            DETA 2 SHE &#038; NFE PLATFORMS\r\n                                        <\/a>\r\n                                    <\/p>                       <p>\r\n                                        <a href=\"https:\/\/www.colabourativelab.com\/co-lab_i-o-3-deta-3_self-employment_es\/\">\r\n                                            DETA 3: Self-Employment Plan\r\n                                        <\/a>\r\n                                    <\/p>                       <p>\r\n                                        <a href=\"https:\/\/www.colabourativelab.com\/co-lab_i-o-3-deta-5-1_management-skills_es\/\">\r\n                                            DETA 5.1: Management Skills\r\n                                        <\/a>\r\n                                    <\/p>                       <p>\r\n                                        <a href=\"https:\/\/www.colabourativelab.com\/co-lab_i-o-3-deta-5-2_innovationcreativity_es\/\">\r\n                                            DETA 5.2: Innovation &#038; Creativity\r\n                                        <\/a>\r\n                                    <\/p>                       <p>\r\n                                        <a href=\"https:\/\/www.colabourativelab.com\/co-lab_i-o-3-deta-5-3_i-o-3-marca-personal\/\">\r\n                                            DETA 5.3: Personal Branding\r\n                                        <\/a>\r\n                                    <\/p>                       <p>\r\n                                        <a href=\"https:\/\/www.colabourativelab.com\/co-lab_i-o-3-deta-6_sharing-best-practices_es\/\">\r\n                                            DETA 6: Sharing Experiences and Best Practices\r\n                                        <\/a>\r\n                                    <\/p>                <\/div>\r\n                        <\/div>\r\n                    <\/div>\r\n                <\/div>\r\n             <\/div>\r\n             <div class=\"wpb_column vc_column_container vc_col-sm-4 mpc-column\">\r\n             <\/div>\r\n        <\/div>\r\n    <\/div>[\/vc_column][\/vc_row][vc_row row_type=\u00bbrow\u00bb use_row_as_full_screen_section=\u00bbno\u00bb type=\u00bbfull_width\u00bb text_align=\u00bbleft\u00bb css_animation=\u00bb\u00bb el_id=\u00bbnews\u00bb][vc_column][vc_text_separator title=\u00bbNEWS\u00bb title_color=\u00bb#d68f0c\u00bb][vc_separator type=\u00bbtransparent\u00bb border_style=\u00bb\u00bb up=\u00bb40&#8243; down=\u00bb0&#8243;]<div class='latest_post_holder boxes three_columns one_row'><ul><li class=\"clearfix\"><div class=\"boxes_image\"><a href=\"https:\/\/www.colabourativelab.com\/es\/2017\/06\/28\/el-consorcio-del-proyecto-europeo-co-labourative-lab-celebra-su-segunda-reunion-en-eslovenia\/\"><img loading=\"lazy\" decoding=\"async\" width=\"550\" height=\"498\" src=\"https:\/\/www.colabourativelab.com\/wp-content\/uploads\/2017\/06\/IMG-20170517-WA0002-550x498.jpg\" class=\"attachment-portfolio-default size-portfolio-default wp-post-image\" alt=\"\" srcset=\"https:\/\/www.colabourativelab.com\/wp-content\/uploads\/2017\/06\/IMG-20170517-WA0002-550x498.jpg 550w, https:\/\/www.colabourativelab.com\/wp-content\/uploads\/2017\/06\/IMG-20170517-WA0002-480x434.jpg 480w, https:\/\/www.colabourativelab.com\/wp-content\/uploads\/2017\/06\/IMG-20170517-WA0002-125x112.jpg 125w\" sizes=\"auto, (max-width: 550px) 100vw, 550px\" \/><span class=\"latest_post_overlay\"><i class=\"icon_plus\" aria-hidden=\"true\"><\/i><\/span><\/a><\/div><div class=\"latest_post\" ><div class=\"latest_post_text\"><span class=\"date_holder post_info_section\"><span class=\"date\">28 de junio de 2017<\/span><\/span><div class=\"latest_post_categories post_info_section\"><a href=\"https:\/\/www.colabourativelab.com\/es\/category\/sin-categorizar\/\">Sin categorizar <\/a> <\/div><div class=\"latest_post_author post_info_section\"><span>By<\/span> <a class=\"post_author_link\" href=\"https:\/\/www.colabourativelab.com\/es\/author\/admin\/\"><span>admin<\/span><\/a><\/div><h4 class=\"latest_post_title \"><a href=\"https:\/\/www.colabourativelab.com\/es\/2017\/06\/28\/el-consorcio-del-proyecto-europeo-co-labourative-lab-celebra-su-segunda-reunion-en-eslovenia\/\">EL CONSORCIO DEL PROYECTO EUROPEO \u201cCO-LABOURATIVE LAB\u201d CELEBRA SU SEGUNDA REUNI\u00d3N EN ESLOVENIA<\/a><\/h4><p class=\"excerpt\">El proyecto europeo \u201cco-LABOURative LAB\u201d, financiado por el programa ERASMUS+, desarrollar\u00e1 un innovador programa de formaci\u00f3n para mejorar la empleabilidad de desempleados a trav\u00e9s de la econom\u00eda colaborativa y las nuevas formas de empleo. La C\u00e1mara lidera un proyecto europeo, financiado por el programa ERASMUS+,...<\/p><div class=\"post_author_holder\"><div class=\"post_author\"><span>By<\/span> <a class=\"post_author_link\" href=\"https:\/\/www.colabourativelab.com\/es\/author\/admin\/\"><span>admin<\/span><\/a><\/div><\/div><\/div><\/div><\/li><li class=\"clearfix\"><div class=\"boxes_image\"><a href=\"https:\/\/www.colabourativelab.com\/es\/2017\/06\/28\/el-proyecto-europeo-co-labourative-lab-desarrolla-un-programa-formativo-sobre-economia-colaborativa-con-la-colaboracion-de-los-usuarios-finales\/\"><img loading=\"lazy\" decoding=\"async\" width=\"550\" height=\"498\" src=\"https:\/\/www.colabourativelab.com\/wp-content\/uploads\/2017\/06\/IMG_1840-550x498.jpg\" class=\"attachment-portfolio-default size-portfolio-default wp-post-image\" alt=\"\" srcset=\"https:\/\/www.colabourativelab.com\/wp-content\/uploads\/2017\/06\/IMG_1840-550x498.jpg 550w, https:\/\/www.colabourativelab.com\/wp-content\/uploads\/2017\/06\/IMG_1840-480x434.jpg 480w, https:\/\/www.colabourativelab.com\/wp-content\/uploads\/2017\/06\/IMG_1840-125x112.jpg 125w\" sizes=\"auto, (max-width: 550px) 100vw, 550px\" \/><span class=\"latest_post_overlay\"><i class=\"icon_plus\" aria-hidden=\"true\"><\/i><\/span><\/a><\/div><div class=\"latest_post\" ><div class=\"latest_post_text\"><span class=\"date_holder post_info_section\"><span class=\"date\">28 de junio de 2017<\/span><\/span><div class=\"latest_post_categories post_info_section\"><a href=\"https:\/\/www.colabourativelab.com\/es\/category\/sin-categorizar\/\">Sin categorizar <\/a> <\/div><div class=\"latest_post_author post_info_section\"><span>By<\/span> <a class=\"post_author_link\" href=\"https:\/\/www.colabourativelab.com\/es\/author\/admin\/\"><span>admin<\/span><\/a><\/div><h4 class=\"latest_post_title \"><a href=\"https:\/\/www.colabourativelab.com\/es\/2017\/06\/28\/el-proyecto-europeo-co-labourative-lab-desarrolla-un-programa-formativo-sobre-economia-colaborativa-con-la-colaboracion-de-los-usuarios-finales\/\">EL PROYECTO EUROPEO \u201cCO-LABOURATIVE LAB\u201d DESARROLLA UN PROGRAMA FORMATIVO SOBRE ECONOM\u00cdA COLABORATIVA CON LA COLABORACI\u00d3N DE LOS USUARIOS FINALES<\/a><\/h4><p class=\"excerpt\">El proyecto europeo \u201cco-LABOURative LAB\u201d, financiado por el programa ERASMUS+, ha determinado la metodolog\u00eda de programa de formaci\u00f3n para mejorar la empleabilidad de desempleados a trav\u00e9s de la econom\u00eda colaborativa y las nuevas formas de empleo, mediante sesiones de Co-Creaci\u00f3n en varios pa\u00edses europeos. La...<\/p><div class=\"post_author_holder\"><div class=\"post_author\"><span>By<\/span> <a class=\"post_author_link\" href=\"https:\/\/www.colabourativelab.com\/es\/author\/admin\/\"><span>admin<\/span><\/a><\/div><\/div><\/div><\/div><\/li><li class=\"clearfix\"><div class=\"boxes_image\"><a href=\"https:\/\/www.colabourativelab.com\/es\/2017\/06\/28\/la-camara-formara-a-desempleados-para-mejorar-su-empleabilidad-a-traves-de-la-economia-colaborativa-y-las-nuevas-formas-de-empleo\/\"><img loading=\"lazy\" decoding=\"async\" width=\"550\" height=\"498\" src=\"https:\/\/www.colabourativelab.com\/wp-content\/uploads\/2017\/06\/noimagen-550x498.jpg\" class=\"attachment-portfolio-default size-portfolio-default wp-post-image\" alt=\"\" srcset=\"https:\/\/www.colabourativelab.com\/wp-content\/uploads\/2017\/06\/noimagen-550x498.jpg 550w, https:\/\/www.colabourativelab.com\/wp-content\/uploads\/2017\/06\/noimagen-480x434.jpg 480w, https:\/\/www.colabourativelab.com\/wp-content\/uploads\/2017\/06\/noimagen-125x112.jpg 125w\" sizes=\"auto, (max-width: 550px) 100vw, 550px\" \/><span class=\"latest_post_overlay\"><i class=\"icon_plus\" aria-hidden=\"true\"><\/i><\/span><\/a><\/div><div class=\"latest_post\" ><div class=\"latest_post_text\"><span class=\"date_holder post_info_section\"><span class=\"date\">28 de junio de 2017<\/span><\/span><div class=\"latest_post_categories post_info_section\"><a href=\"https:\/\/www.colabourativelab.com\/es\/category\/sin-categorizar\/\">Sin categorizar <\/a> <\/div><div class=\"latest_post_author post_info_section\"><span>By<\/span> <a class=\"post_author_link\" href=\"https:\/\/www.colabourativelab.com\/es\/author\/admin\/\"><span>admin<\/span><\/a><\/div><h4 class=\"latest_post_title \"><a href=\"https:\/\/www.colabourativelab.com\/es\/2017\/06\/28\/la-camara-formara-a-desempleados-para-mejorar-su-empleabilidad-a-traves-de-la-economia-colaborativa-y-las-nuevas-formas-de-empleo\/\">LA C\u00c1MARA FORMAR\u00c1 A DESEMPLEADOS PARA MEJORAR SU EMPLEABILIDAD A TRAV\u00c9S DE LA ECONOMIA COLABORATIVA Y LAS NUEVAS FORMAS DE EMPLEO<\/a><\/h4><p class=\"excerpt\">El proyecto europeo \u201cco-LABOURative LAB\u201d, financiado por el programa ERASMUS+, desarrollar\u00e1 un innovador programa de formaci\u00f3n para mejorar la empleabilidad de desempleados a trav\u00e9s de la econom\u00eda colaborativa y las nuevas formas de empleo....<\/p><div class=\"post_author_holder\"><div class=\"post_author\"><span>By<\/span> <a class=\"post_author_link\" href=\"https:\/\/www.colabourativelab.com\/es\/author\/admin\/\"><span>admin<\/span><\/a><\/div><\/div><\/div><\/div><\/li><\/ul><\/div>[\/vc_column][\/vc_row][vc_row row_type=\u00bbrow\u00bb use_row_as_full_screen_section=\u00bbno\u00bb type=\u00bbfull_width\u00bb text_align=\u00bbleft\u00bb css_animation=\u00bb\u00bb el_id=\u00bbcontact\u00bb][vc_column][vc_text_separator title=\u00bbCONTACT\u00bb title_color=\u00bb#d68f0c\u00bb][vc_separator type=\u00bbtransparent\u00bb border_style=\u00bb\u00bb up=\u00bb40&#8243; down=\u00bb0&#8243;][\/vc_column][\/vc_row]<\/p>\n<\/div>","protected":false},"excerpt":{"rendered":"<p>[vc_row row_type=\u00bbrow\u00bb use_row_as_full_screen_section=\u00bbno\u00bb type=\u00bbgrid\u00bb anchor=\u00bbabout\u00bb text_align=\u00bbleft\u00bb padding_top=\u00bb80&#8243; padding_bottom=\u00bb80&#8243; css_animation=\u00bb\u00bb el_id=\u00bbproject\u00bb][vc_column][vc_column_text] PROJECT [\/vc_column_text][vc_separator type=\u00bbtransparent\u00bb border_style=\u00bb\u00bb up=\u00bb20&#8243; down=\u00bb0&#8243;][vc_column_text] \u201cco-LABOURative LAB\u201d mejorar\u00e1 la empleabilidad de las personas desempleadas mediante la Economia Colaborativa y las Nuevas Formas de Empleo [\/vc_column_text][vc_separator type=\u00bbtransparent\u00bb border_style=\u00bb\u00bb up=\u00bb40&#8243; down=\u00bb0&#8243;][vc_column_text]La Economia Colaborativa y las Nuevas<\/p>\n","protected":false},"author":1,"featured_media":0,"parent":0,"menu_order":0,"comment_status":"open","ping_status":"closed","template":"full_width.php","meta":{"footnotes":""},"class_list":["post-21409","page","type-page","status-publish","hentry"],"_links":{"self":[{"href":"https:\/\/www.colabourativelab.com\/es\/wp-json\/wp\/v2\/pages\/21409","targetHints":{"allow":["GET"]}}],"collection":[{"href":"https:\/\/www.colabourativelab.com\/es\/wp-json\/wp\/v2\/pages"}],"about":[{"href":"https:\/\/www.colabourativelab.com\/es\/wp-json\/wp\/v2\/types\/page"}],"author":[{"embeddable":true,"href":"https:\/\/www.colabourativelab.com\/es\/wp-json\/wp\/v2\/users\/1"}],"replies":[{"embeddable":true,"href":"https:\/\/www.colabourativelab.com\/es\/wp-json\/wp\/v2\/comments?post=21409"}],"version-history":[{"count":5,"href":"https:\/\/www.colabourativelab.com\/es\/wp-json\/wp\/v2\/pages\/21409\/revisions"}],"predecessor-version":[{"id":21947,"href":"https:\/\/www.colabourativelab.com\/es\/wp-json\/wp\/v2\/pages\/21409\/revisions\/21947"}],"wp:attachment":[{"href":"https:\/\/www.colabourativelab.com\/es\/wp-json\/wp\/v2\/media?parent=21409"}],"curies":[{"name":"wp","href":"https:\/\/api.w.org\/{rel}","templated":true}]}}